{"id":1049,"date":"2018-01-25T17:52:01","date_gmt":"2018-01-25T16:52:01","guid":{"rendered":"http:\/\/new.zsmilikov.cz\/?page_id=1049"},"modified":"2025-12-11T06:22:39","modified_gmt":"2025-12-11T05:22:39","slug":"projekty","status":"publish","type":"page","link":"https:\/\/www.zsmilikov.cz\/?page_id=1049","title":{"rendered":"Projekty"},"content":{"rendered":"<p>[vc_row][vc_column][vc_text_separator title=&#8220;Projekty&#8220;][vc_empty_space alter_height=&#8220;large&#8220; hide_on_mobile=&#8220;&#8220;][\/vc_column][\/vc_row][vc_row][vc_column][vc_column_text]<\/p>\n<h4><span class=\"trx_addons_dark\"><strong>OP JAK &#8211; SPOLE\u010cN\u00c9 VZD\u011aL\u00c1V\u00c1N\u00cd II<\/strong><\/span><\/h4>\n<p><span class=\"trx_addons_dark\">Na\u0161e \u0161kola je zapojena do projektu OP JAK v\u00fdzvy \u010d. 02_24_034 &#8211; \u0160ablony pro M\u0160 a Z\u0160 II.<\/span><\/p>\n<p><span class=\"trx_addons_dark\">N\u00e1zev projektu:\u00a0 \u00a0 \u00a0 \u00a0 \u00a0 OP JAK &#8211; Spole\u010dn\u00e9 vzd\u011bl\u00e1v\u00e1n\u00ed II<\/span><\/p>\n<p><span class=\"trx_addons_dark\">\u010c\u00edslo projektu: \u00a0\u00a0\u00a0\u00a0\u00a0\u00a0\u00a0\u00a0\u00a0\u00a0 CZ.02.02.XX\/00\/24_034\/0013110<\/span><br \/>\n<span class=\"trx_addons_dark\">Term\u00edn realizace:\u00a0\u00a0\u00a0\u00a0\u00a0\u00a0 01. 09. 2025 \u2013 31. 08. 2028<\/span><br \/>\n<span class=\"trx_addons_dark\">V\u00fd\u0161e podpory:\u00a0\u00a0\u00a0\u00a0\u00a0\u00a0\u00a0\u00a0\u00a0\u00a0\u00a0\u00a0 581 636,60 K\u010d<\/span><\/p>\n<p><span class=\"trx_addons_dark\">C\u00edlem projektu je p\u0159isp\u011bt k zaji\u0161t\u011bn\u00ed rovn\u00e9ho p\u0159\u00edstupu ke kvalitn\u00edmu a inkluzivn\u00edmu vzd\u011bl\u00e1v\u00e1n\u00ed pro v\u0161echny d\u011bti a \u017e\u00e1ky prost\u0159ednictv\u00edm podp\u016frn\u00fdch person\u00e1ln\u00edch pozic, vzd\u011bl\u00e1v\u00e1n\u00ed pracovn\u00edk\u016f \u0161koly a podpory zav\u00e1d\u011bn\u00ed inovativn\u00edch metod v\u00fduky.<\/span><\/p>\n<h4><strong><img loading=\"lazy\" decoding=\"async\" class=\"wp-image-3980 alignnone\" src=\"https:\/\/www.zsmilikov.cz\/wp-content\/uploads\/2025\/12\/04_A3-plakat-publicita-724x1024.jpg\" alt=\"\" width=\"556\" height=\"786\" srcset=\"https:\/\/www.zsmilikov.cz\/wp-content\/uploads\/2025\/12\/04_A3-plakat-publicita-724x1024.jpg 724w, https:\/\/www.zsmilikov.cz\/wp-content\/uploads\/2025\/12\/04_A3-plakat-publicita-212x300.jpg 212w, https:\/\/www.zsmilikov.cz\/wp-content\/uploads\/2025\/12\/04_A3-plakat-publicita-768x1087.jpg 768w, https:\/\/www.zsmilikov.cz\/wp-content\/uploads\/2025\/12\/04_A3-plakat-publicita-1086x1536.jpg 1086w, https:\/\/www.zsmilikov.cz\/wp-content\/uploads\/2025\/12\/04_A3-plakat-publicita-1448x2048.jpg 1448w, https:\/\/www.zsmilikov.cz\/wp-content\/uploads\/2025\/12\/04_A3-plakat-publicita-370x523.jpg 370w, https:\/\/www.zsmilikov.cz\/wp-content\/uploads\/2025\/12\/04_A3-plakat-publicita-770x1089.jpg 770w, https:\/\/www.zsmilikov.cz\/wp-content\/uploads\/2025\/12\/04_A3-plakat-publicita.jpg 1683w\" sizes=\"auto, (max-width: 556px) 100vw, 556px\" \/><\/strong><\/h4>\n<h4><\/h4>\n<h4><strong>REFLEX\u00c1CI<\/strong><\/h4>\n<p><span class=\"trx_addons_dark\">U\u010d\u00edme \u017e\u00e1ky z\u00e1kladn\u00ed pravidlo bezpe\u010dnosti na silnic\u00edch &#8211; Vid\u011bt a b\u00fdt vid\u011bn. <\/span><\/p>\n<p><span class=\"trx_addons_dark\">Reflex\u00e1ci jsou reflexn\u00ed samolepky vyroben\u00e9 z nejkvalitn\u011bj\u0161\u00edch reflexn\u00edch f\u00f3li\u00ed na trhu. Odrazivost sv\u011btla od samolepek je 200-400 metr\u016f i za sn\u00ed\u017een\u00e9 viditelnosti. Chodec vybaven\u00fd reflexn\u00edmi prvky je tak pro \u0159idi\u010de viditeln\u00fd 10x v\u00edce, ne\u017e chodec v tmav\u00e9m oble\u010den\u00ed bez reflexn\u00edch prvk\u016f.\u00a0<\/span><\/p>\n<h4><img loading=\"lazy\" decoding=\"async\" class=\"aligncenter wp-image-3527 size-medium\" src=\"https:\/\/www.zsmilikov.cz\/wp-content\/uploads\/2024\/10\/Mask-Group-15-300x300.png\" alt=\"\" width=\"300\" height=\"300\" srcset=\"https:\/\/www.zsmilikov.cz\/wp-content\/uploads\/2024\/10\/Mask-Group-15-300x300.png 300w, https:\/\/www.zsmilikov.cz\/wp-content\/uploads\/2024\/10\/Mask-Group-15-150x150.png 150w, https:\/\/www.zsmilikov.cz\/wp-content\/uploads\/2024\/10\/Mask-Group-15-370x370.png 370w, https:\/\/www.zsmilikov.cz\/wp-content\/uploads\/2024\/10\/Mask-Group-15-90x90.png 90w, https:\/\/www.zsmilikov.cz\/wp-content\/uploads\/2024\/10\/Mask-Group-15.png 409w\" sizes=\"auto, (max-width: 300px) 100vw, 300px\" \/><strong>MATEMATIKA BEZ BARI\u00c9R<\/strong><\/h4>\n<h4><\/h4>\n<p><span class=\"trx_addons_dark\">Matematick\u00e9 dovednosti jsou siln\u011b hierarchick\u00e9. Pokud \u017e\u00e1kovi nap\u0159\u00edklad nejde s\u010d\u00edt\u00e1n\u00ed a od\u010d\u00edt\u00e1n\u00ed,\u00a0m\u016f\u017ee b\u00fdt p\u0159\u00ed\u010dina u\u017e v ran\u00fdch matematick\u00fdch p\u0159edstav\u00e1ch. Jakkoliv intenzivn\u00ed dou\u010dov\u00e1n\u00ed s\u010d\u00edt\u00e1n\u00ed a od\u010d\u00edt\u00e1n\u00ed mu nem\u016f\u017ee pomoci. Takov\u00fd \u017e\u00e1k se i p\u0159es ve\u0161kerou snahu v\u0161ech z\u00fa\u010dastn\u011bn\u00fdch nem\u016f\u017ee nau\u010dit navazuj\u00edc\u00ed koncepty. Je proto d\u016fle\u017eit\u00e9 tyto skryt\u00e9 mezery objevit v\u010das a co nejd\u0159\u00edve je doplnit. Z tohoto d\u016fvodu se na\u0161e \u0161kola zapojila do projektu Matematika bez bari\u00e9r, kdy diagnostika ve V\u010delce dok\u00e1\u017ee na \u00farovni jednotliv\u00fdch d\u011bt\u00ed i cel\u00e9 t\u0159\u00eddy<strong>\u00a0poskytnout u\u010ditel\u016fm p\u0159ehledn\u00fd obraz\u00a0<\/strong>toho, co \u017e\u00e1ci p\u0159i n\u00e1stupu do \u0161koly zvl\u00e1daj\u00ed a co je p\u0159\u00edpadn\u011b pot\u0159eba co nejd\u0159\u00edve doplnit.<\/span><\/p>\n<h4><span class=\"trx_addons_dark\"><strong><img loading=\"lazy\" decoding=\"async\" class=\"aligncenter wp-image-3526 size-medium\" src=\"https:\/\/www.zsmilikov.cz\/wp-content\/uploads\/2024\/10\/660ba7acd3bb32c2cf5e468b-300x112.png\" alt=\"\" width=\"300\" height=\"112\" srcset=\"https:\/\/www.zsmilikov.cz\/wp-content\/uploads\/2024\/10\/660ba7acd3bb32c2cf5e468b-300x112.png 300w, https:\/\/www.zsmilikov.cz\/wp-content\/uploads\/2024\/10\/660ba7acd3bb32c2cf5e468b-768x288.png 768w, https:\/\/www.zsmilikov.cz\/wp-content\/uploads\/2024\/10\/660ba7acd3bb32c2cf5e468b-370x139.png 370w, https:\/\/www.zsmilikov.cz\/wp-content\/uploads\/2024\/10\/660ba7acd3bb32c2cf5e468b-770x288.png 770w, https:\/\/www.zsmilikov.cz\/wp-content\/uploads\/2024\/10\/660ba7acd3bb32c2cf5e468b.png 972w\" sizes=\"auto, (max-width: 300px) 100vw, 300px\" \/><\/strong><\/span><\/h4>\n<h4><span class=\"trx_addons_dark\"><strong>OP JAK &#8211; SPOLE\u010cN\u00c9 VZD\u011aL\u00c1V\u00c1N\u00cd I<\/strong><\/span><\/h4>\n<p><span class=\"trx_addons_dark\">Na\u0161e \u0161kola je zapojena do projektu OP JAK v\u00fdzvy \u010d. 02_22_002 &#8211; \u0160ablony pro M\u0160 a Z\u0160 I.<\/span><\/p>\n<p><span class=\"trx_addons_dark\">N\u00e1zev projektu:\u00a0 \u00a0 \u00a0 \u00a0 \u00a0 OP JAK &#8211; Spole\u010dn\u00e9 vzd\u011bl\u00e1v\u00e1n\u00ed I<\/span><\/p>\n<p><span class=\"trx_addons_dark\">\u010c\u00edslo projektu: \u00a0\u00a0\u00a0\u00a0\u00a0\u00a0\u00a0\u00a0\u00a0\u00a0 CZ.02.02.XX\/00\/22_002\/0005069<\/span><br \/>\n<span class=\"trx_addons_dark\">Term\u00edn realizace:\u00a0\u00a0\u00a0\u00a0\u00a0\u00a0 01. 07. 2023 \u2013 31. 12. 2025<\/span><br \/>\n<span class=\"trx_addons_dark\">V\u00fd\u0161e podpory:\u00a0\u00a0\u00a0\u00a0\u00a0\u00a0\u00a0\u00a0\u00a0\u00a0\u00a0\u00a0 820 985,00 K\u010d<\/span><\/p>\n<p><span class=\"trx_addons_dark\">C\u00edlem projektu je p\u0159isp\u011bt k\u00a0zaji\u0161t\u011bn\u00ed rovn\u00e9ho p\u0159\u00edstupu ke kvalitn\u00edmu a inkluzivn\u00edmu vzd\u011bl\u00e1v\u00e1n\u00ed pro v\u0161echny d\u011bti a \u017e\u00e1ky prost\u0159ednictv\u00edm podp\u016frn\u00fdch person\u00e1ln\u00edch pozic, vzd\u011bl\u00e1v\u00e1n\u00ed pracovn\u00edk\u016f \u0161kol, vz\u00e1jemn\u00e9ho sd\u00edlen\u00ed zku\u0161enost\u00ed, spolupr\u00e1ce a podpory zav\u00e1d\u011bn\u00ed inovativn\u00edch metod v\u00fduky.<\/span><\/p>\n<h4><img loading=\"lazy\" decoding=\"async\" class=\"alignnone  wp-image-3042\" src=\"https:\/\/www.zsmilikov.cz\/wp-content\/uploads\/2023\/09\/04_A3-plakat-publicita_page-0001-724x1024.jpg\" alt=\"\" width=\"576\" height=\"815\" srcset=\"https:\/\/www.zsmilikov.cz\/wp-content\/uploads\/2023\/09\/04_A3-plakat-publicita_page-0001-724x1024.jpg 724w, https:\/\/www.zsmilikov.cz\/wp-content\/uploads\/2023\/09\/04_A3-plakat-publicita_page-0001-212x300.jpg 212w, https:\/\/www.zsmilikov.cz\/wp-content\/uploads\/2023\/09\/04_A3-plakat-publicita_page-0001-768x1086.jpg 768w, https:\/\/www.zsmilikov.cz\/wp-content\/uploads\/2023\/09\/04_A3-plakat-publicita_page-0001-1086x1536.jpg 1086w, https:\/\/www.zsmilikov.cz\/wp-content\/uploads\/2023\/09\/04_A3-plakat-publicita_page-0001-1448x2048.jpg 1448w, https:\/\/www.zsmilikov.cz\/wp-content\/uploads\/2023\/09\/04_A3-plakat-publicita_page-0001-370x523.jpg 370w, https:\/\/www.zsmilikov.cz\/wp-content\/uploads\/2023\/09\/04_A3-plakat-publicita_page-0001-770x1089.jpg 770w, https:\/\/www.zsmilikov.cz\/wp-content\/uploads\/2023\/09\/04_A3-plakat-publicita_page-0001.jpg 1754w\" sizes=\"auto, (max-width: 576px) 100vw, 576px\" \/><\/h4>\n<h4><span class=\"trx_addons_dark\"><strong>DIGITALIZUJEME \u0160KOLU<\/strong><\/span><\/h4>\n<h4><img loading=\"lazy\" decoding=\"async\" class=\" wp-image-3251 alignnone\" src=\"https:\/\/www.zsmilikov.cz\/wp-content\/uploads\/2024\/03\/vzor-MSMT-Letak-pro-publicitu-NPO_172_Distanc_vyuka-2020_page-0001-724x1024.jpg\" alt=\"\" width=\"650\" height=\"919\" srcset=\"https:\/\/www.zsmilikov.cz\/wp-content\/uploads\/2024\/03\/vzor-MSMT-Letak-pro-publicitu-NPO_172_Distanc_vyuka-2020_page-0001-724x1024.jpg 724w, https:\/\/www.zsmilikov.cz\/wp-content\/uploads\/2024\/03\/vzor-MSMT-Letak-pro-publicitu-NPO_172_Distanc_vyuka-2020_page-0001-212x300.jpg 212w, https:\/\/www.zsmilikov.cz\/wp-content\/uploads\/2024\/03\/vzor-MSMT-Letak-pro-publicitu-NPO_172_Distanc_vyuka-2020_page-0001-768x1086.jpg 768w, https:\/\/www.zsmilikov.cz\/wp-content\/uploads\/2024\/03\/vzor-MSMT-Letak-pro-publicitu-NPO_172_Distanc_vyuka-2020_page-0001-1086x1536.jpg 1086w, https:\/\/www.zsmilikov.cz\/wp-content\/uploads\/2024\/03\/vzor-MSMT-Letak-pro-publicitu-NPO_172_Distanc_vyuka-2020_page-0001-370x523.jpg 370w, https:\/\/www.zsmilikov.cz\/wp-content\/uploads\/2024\/03\/vzor-MSMT-Letak-pro-publicitu-NPO_172_Distanc_vyuka-2020_page-0001-770x1089.jpg 770w, https:\/\/www.zsmilikov.cz\/wp-content\/uploads\/2024\/03\/vzor-MSMT-Letak-pro-publicitu-NPO_172_Distanc_vyuka-2020_page-0001.jpg 1241w\" sizes=\"auto, (max-width: 650px) 100vw, 650px\" \/><img loading=\"lazy\" decoding=\"async\" class=\" wp-image-3252 alignnone\" src=\"https:\/\/www.zsmilikov.cz\/wp-content\/uploads\/2024\/03\/vzor-MSMT-Letak-pro-publicitu-NPO_soucasne_173-174_2022-2023_page-0001-724x1024.jpg\" alt=\"\" width=\"624\" height=\"883\" srcset=\"https:\/\/www.zsmilikov.cz\/wp-content\/uploads\/2024\/03\/vzor-MSMT-Letak-pro-publicitu-NPO_soucasne_173-174_2022-2023_page-0001-724x1024.jpg 724w, https:\/\/www.zsmilikov.cz\/wp-content\/uploads\/2024\/03\/vzor-MSMT-Letak-pro-publicitu-NPO_soucasne_173-174_2022-2023_page-0001-212x300.jpg 212w, https:\/\/www.zsmilikov.cz\/wp-content\/uploads\/2024\/03\/vzor-MSMT-Letak-pro-publicitu-NPO_soucasne_173-174_2022-2023_page-0001-768x1086.jpg 768w, https:\/\/www.zsmilikov.cz\/wp-content\/uploads\/2024\/03\/vzor-MSMT-Letak-pro-publicitu-NPO_soucasne_173-174_2022-2023_page-0001-1086x1536.jpg 1086w, https:\/\/www.zsmilikov.cz\/wp-content\/uploads\/2024\/03\/vzor-MSMT-Letak-pro-publicitu-NPO_soucasne_173-174_2022-2023_page-0001-370x523.jpg 370w, https:\/\/www.zsmilikov.cz\/wp-content\/uploads\/2024\/03\/vzor-MSMT-Letak-pro-publicitu-NPO_soucasne_173-174_2022-2023_page-0001-770x1089.jpg 770w, https:\/\/www.zsmilikov.cz\/wp-content\/uploads\/2024\/03\/vzor-MSMT-Letak-pro-publicitu-NPO_soucasne_173-174_2022-2023_page-0001.jpg 1241w\" sizes=\"auto, (max-width: 624px) 100vw, 624px\" \/><\/h4>\n<h4 style=\"text-align: left;\"><span class=\"trx_addons_dark\"><strong>DOU\u010cOV\u00c1N\u00cd \u017d\u00c1K\u016e \u0160KOL<\/strong><\/span><\/h4>\n<p><span class=\"trx_addons_dark\">Na\u0161e \u0161kola je zapojena do projektu <em><strong>Dou\u010dov\u00e1n\u00ed \u017e\u00e1k\u016f \u0161kol \u2013 Realizace investice N\u00e1rodn\u00edho pl\u00e1nu obnovy<\/strong>.<\/em><\/span><\/p>\n<p><span class=\"trx_addons_dark\">C\u00edlem programu je zajistit p\u0159ednostn\u00ed dou\u010dov\u00e1n\u00ed \u017e\u00e1k\u016fm, kter\u00fdm hroz\u00ed \u0161koln\u00ed ne\u00fasp\u011bch \u010di u nich do\u0161lo k v\u00e1\u017en\u00e9mu zhor\u0161en\u00ed v\u00fdsledk\u016f vzd\u011bl\u00e1v\u00e1n\u00ed. Sledov\u00e1n je nejen prosp\u011bch, ale tak\u00e9 z\u00e1kladn\u00ed p\u0159ehled v t\u00e9matech, schopnost nav\u00e1zat na dal\u0161\u00ed o\u010dek\u00e1van\u00e9 znalosti.<\/span><\/p>\n<p><img loading=\"lazy\" decoding=\"async\" class=\"alignnone size-full wp-image-2501\" src=\"https:\/\/www.zsmilikov.cz\/wp-content\/uploads\/2022\/02\/doucovani-letak-pro-publicitu-npo01-00.jpg\" alt=\"\" width=\"595\" height=\"842\" srcset=\"https:\/\/www.zsmilikov.cz\/wp-content\/uploads\/2022\/02\/doucovani-letak-pro-publicitu-npo01-00.jpg 595w, https:\/\/www.zsmilikov.cz\/wp-content\/uploads\/2022\/02\/doucovani-letak-pro-publicitu-npo01-00-212x300.jpg 212w, https:\/\/www.zsmilikov.cz\/wp-content\/uploads\/2022\/02\/doucovani-letak-pro-publicitu-npo01-00-370x524.jpg 370w\" sizes=\"auto, (max-width: 595px) 100vw, 595px\" \/><\/p>\n<h4><span class=\"trx_addons_dark\"><strong>SPOLE\u010cN\u00c9 VZD\u011aL\u00c1V\u00c1N\u00cd III<\/strong><\/span><\/h4>\n<p><span class=\"trx_addons_dark\">Na\u0161e \u0161kola je zapojena do projektu OP VVV v\u00fdzvy \u010d. 02_20_080 &#8211; \u0160ablony III.<\/span><\/p>\n<p><span class=\"trx_addons_dark\">N\u00e1zev projektu: \u00a0\u00a0\u00a0\u00a0\u00a0\u00a0\u00a0\u00a0 Spole\u010dn\u00e9 vzd\u011bl\u00e1v\u00e1n\u00ed III<\/span><\/p>\n<p><span class=\"trx_addons_dark\">\u010c\u00edslo projektu: \u00a0\u00a0\u00a0\u00a0\u00a0\u00a0\u00a0\u00a0\u00a0\u00a0 CZ.02.3.X\/0.0\/0.0\/20_080\/0019574<\/span><br \/>\n<span class=\"trx_addons_dark\">Term\u00edn realizace:\u00a0\u00a0\u00a0\u00a0\u00a0\u00a0 01. 08. 2021 \u2013 31. 06. 2023<\/span><br \/>\n<span class=\"trx_addons_dark\">V\u00fd\u0161e podpory:\u00a0\u00a0\u00a0\u00a0\u00a0\u00a0\u00a0\u00a0\u00a0\u00a0\u00a0\u00a0 466 832,00 K\u010d<\/span><\/p>\n<p><span class=\"trx_addons_dark\">C\u00edlem projektu je person\u00e1ln\u00ed podpora v mate\u0159sk\u00e9 i z\u00e1kladn\u00ed \u0161kole, rozvoj kompetenc\u00ed pedagogick\u00fdch pracovn\u00edk\u016f v oblasti p\u0159\u00edpravy a veden\u00ed projektov\u00e9 v\u00fduky a podpora \u017e\u00e1k\u016f ohro\u017een\u00fdch \u0161koln\u00edm ne\u00fasp\u011bchem.<\/span><\/p>\n<p><span class=\"trx_addons_dark\"><strong><img loading=\"lazy\" decoding=\"async\" class=\"alignnone  wp-image-2341\" src=\"https:\/\/www.zsmilikov.cz\/wp-content\/uploads\/2021\/09\/plak\u00e1t-page-001-724x1024.jpg\" alt=\"\" width=\"586\" height=\"829\" srcset=\"https:\/\/www.zsmilikov.cz\/wp-content\/uploads\/2021\/09\/plak\u00e1t-page-001-724x1024.jpg 724w, https:\/\/www.zsmilikov.cz\/wp-content\/uploads\/2021\/09\/plak\u00e1t-page-001-212x300.jpg 212w, https:\/\/www.zsmilikov.cz\/wp-content\/uploads\/2021\/09\/plak\u00e1t-page-001-768x1086.jpg 768w, https:\/\/www.zsmilikov.cz\/wp-content\/uploads\/2021\/09\/plak\u00e1t-page-001-370x523.jpg 370w, https:\/\/www.zsmilikov.cz\/wp-content\/uploads\/2021\/09\/plak\u00e1t-page-001-770x1089.jpg 770w, https:\/\/www.zsmilikov.cz\/wp-content\/uploads\/2021\/09\/plak\u00e1t-page-001.jpg 1754w\" sizes=\"auto, (max-width: 586px) 100vw, 586px\" \/><\/strong><\/span><\/p>\n<p><span class=\"trx_addons_dark\"><strong>Zvolen\u00e9 aktivity:<\/strong><\/span><\/p>\n<p><span class=\"trx_addons_dark\"><strong>3.I\/1\u00a0\u00a0\u00a0 \u0160koln\u00ed asistent \u2013 person\u00e1ln\u00ed podpora M\u0160<br \/>\n<\/strong>C\u00edlem t\u00e9to aktivity je poskytnout do\u010dasnou person\u00e1ln\u00ed podporu \u2013 \u0161koln\u00edho asistenta mate\u0159sk\u00fdm \u0161kol\u00e1m. Aktivita umo\u017e\u0148uje vyzkou\u0161et a na ur\u010dit\u00e9 obdob\u00ed poskytnout v\u011bt\u0161\u00ed podporu zejm\u00e9na d\u011btem ohro\u017een\u00fdm \u0161koln\u00edm ne\u00fasp\u011bchem, resp. d\u011btem, u kter\u00fdch je p\u0159edpoklad, \u017ee budou ohro\u017eeny \u0161koln\u00edm ne\u00fasp\u011bchem po jejich n\u00e1stupu do z\u00e1kladn\u00ed \u0161koly.<\/span><\/p>\n<p><span class=\"trx_addons_dark\"><strong>3.I\/9\u00a0\u00a0\u00a0 Projektov\u00fd den ve v\u00fduce M\u0160<br \/>\n<\/strong>C\u00edlem aktivity je rozvoj kompetenc\u00ed pedagogick\u00fdch pracovn\u00edk\u016f v\u00a0oblasti p\u0159\u00edpravy a veden\u00ed projektov\u00e9 v\u00fduky, kter\u00e1 vede k\u00a0rozvoji osobn\u00edch a soci\u00e1ln\u00edch kompetenc\u00ed d\u011bt\u00ed, podpo\u0159e individu\u00e1ln\u00edho p\u0159\u00edstupu k\u00a0d\u011btem a pr\u00e1ci s\u00a0heterogenn\u00ed skupinou.<\/span><\/p>\n<p><span class=\"trx_addons_dark\"><strong>3.II\/1\u00a0\u00a0 \u0160koln\u00ed asistent \u2013 person\u00e1ln\u00ed podpora Z\u0160<br \/>\n<\/strong>C\u00edlem t\u00e9to aktivity je poskytnout do\u010dasnou person\u00e1ln\u00ed podporu \u2013 \u0161koln\u00edho asistenta z\u00e1kladn\u00edm \u0161kol\u00e1m. Aktivita umo\u017e\u0148uje vyzkou\u0161et a na ur\u010dit\u00e9 obdob\u00ed poskytnout v\u011bt\u0161\u00ed podporu zejm\u00e9na \u017e\u00e1k\u016fm ohro\u017een\u00fdm \u0161koln\u00edm ne\u00fasp\u011bchem.<\/span><\/p>\n<p><span class=\"trx_addons_dark\"><strong>3.II\/11 Dou\u010dov\u00e1n\u00ed \u017e\u00e1k\u016f Z\u0160 ohro\u017een\u00fdch \u0161koln\u00edm ne\u00fasp\u011bchem<br \/>\n<\/strong>C\u00edlem aktivity je podpo\u0159it \u017e\u00e1ky ohro\u017een\u00e9 \u0161koln\u00edm ne\u00fasp\u011bchem prost\u0159ednictv\u00edm mo\u017enosti dou\u010dov\u00e1n\u00ed.<\/span><\/p>\n<p><span class=\"trx_addons_dark\"><strong>3.II\/12 Projektov\u00fd den ve v\u00fduce Z\u0160<br \/>\n<\/strong>C\u00edlem aktivity je rozvoj kompetenc\u00ed pedagogick\u00fdch pracovn\u00edk\u016f v oblasti p\u0159\u00edpravy a veden\u00ed projektov\u00e9 v\u00fduky, kter\u00e1 vede k rozvoji kompetenc\u00ed \u017e\u00e1k\u016f, spadaj\u00edc\u00ed do t\u00e9mat polytechnick\u00e9 vzd\u011bl\u00e1v\u00e1n\u00ed, environment\u00e1ln\u00ed vzd\u011bl\u00e1v\u00e1n\u00ed, podpora podnikavosti, kreativity a logick\u00e9ho my\u0161len\u00ed nebo kari\u00e9rov\u00e9ho poradenstv\u00ed.<\/span><\/p>\n<h4><span class=\"trx_addons_dark\"><strong>Spole\u010dn\u00e9 vzd\u011bl\u00e1v\u00e1n\u00ed II<\/strong><\/span><\/h4>\n<p><span class=\"trx_addons_dark\">Na\u0161e \u0161kola je zapojena do projektu OP VVV v\u00fdzvy \u010d. 02_18_063 &#8211; \u0160ablony II.<\/span><\/p>\n<p><span class=\"trx_addons_dark\">N\u00e1zev projektu: \u00a0\u00a0\u00a0\u00a0\u00a0\u00a0\u00a0\u00a0 Spole\u010dn\u00e9 vzd\u011bl\u00e1v\u00e1n\u00ed II<\/span><br \/>\n<span class=\"trx_addons_dark\">\u010c\u00edslo projektu: \u00a0\u00a0\u00a0\u00a0\u00a0\u00a0\u00a0\u00a0\u00a0\u00a0 CZ.02.3.68\/0.0\/0.0\/18_063\/0012708<\/span><br \/>\n<span class=\"trx_addons_dark\">Term\u00edn realizace:\u00a0 \u00a0 \u00a0 \u00a0 01. 08. 2019 \u2013 31. 07. 2021<\/span><br \/>\n<span class=\"trx_addons_dark\">V\u00fd\u0161e podpory:\u00a0\u00a0\u00a0\u00a0\u00a0\u00a0\u00a0\u00a0\u00a0\u00a0\u00a0\u00a0 858 164,00 K\u010d<\/span><\/p>\n<p><span class=\"trx_addons_dark\">C\u00edlem projektu je person\u00e1ln\u00ed podpora v mate\u0159sk\u00e9 i z\u00e1kladn\u00ed \u0161kole, dal\u0161\u00ed vzd\u011bl\u00e1v\u00e1n\u00ed pedagogick\u00fdch pracovn\u00edk\u016f, extrakurikul\u00e1rn\u00ed a rozvojov\u00e9 aktivity z\u00e1kladn\u00ed \u0161koly a z\u00e1jmov\u00e9 aktivity pro \u00fa\u010dastn\u00edky \u0161koln\u00ed dru\u017einy.<\/span><\/p>\n<div style=\"text-align: center;\"><img decoding=\"async\" style=\"width: 50%;\" src=\"\/images\/spolecne_vzdelavani.jpg\" \/><img decoding=\"async\" style=\"width: 50%;\" src=\"\/images\/plakatII.jpg\" \/><\/div>\n<p><span class=\"trx_addons_dark\">Zvolen\u00e9 aktivity:<\/span><\/p>\n<p><span class=\"trx_addons_dark\"><strong>2.I\/1\u00a0\u00a0\u00a0 \u0160koln\u00ed asistent \u2013 person\u00e1ln\u00ed podpora M\u0160<br \/>\n<\/strong><\/span><span class=\"trx_addons_dark\">C\u00edlem t\u00e9to aktivity je poskytnout do\u010dasnou person\u00e1ln\u00ed podporu \u2013 \u0161koln\u00edho asistenta mate\u0159sk\u00fdm \u0161kol\u00e1m. Aktivita umo\u017e\u0148uje vyzkou\u0161et a na ur\u010dit\u00e9 obdob\u00ed poskytnout v\u011bt\u0161\u00ed podporu zejm\u00e9na d\u011btem ohro\u017een\u00fdm \u0161koln\u00edm ne\u00fasp\u011bchem, resp. d\u011btem, u kter\u00fdch je p\u0159edpoklad, \u017ee budou ohro\u017eeny \u0161koln\u00edm ne\u00fasp\u011bchem po jejich n\u00e1stupu do z\u00e1kladn\u00ed \u0161koly.<\/span><\/p>\n<p><span class=\"trx_addons_dark\"><strong>2.I\/6\u00a0\u00a0\u00a0 Vzd\u011bl\u00e1v\u00e1n\u00ed pedagogick\u00fdch pracovn\u00edk\u016f M\u0160<br \/>\n<\/strong><\/span><span class=\"trx_addons_dark\">C\u00edlem aktivity je podpo\u0159it profesn\u00ed r\u016fst pedagogick\u00fdch pracovn\u00edk\u016f pomoc\u00ed dlouhodob\u00e9ho vzd\u011bl\u00e1v\u00e1n\u00ed a pr\u016fb\u011b\u017en\u00e9ho sebevzd\u011bl\u00e1v\u00e1n\u00ed se zam\u011b\u0159en\u00edm na osobnostn\u011b soci\u00e1ln\u00ed rozvoj.<\/span><\/p>\n<p><span class=\"trx_addons_dark\"><strong>2.II\/1\u00a0\u00a0 \u0160koln\u00ed asistent \u2013 person\u00e1ln\u00ed podpora Z\u0160<br \/>\n<\/strong><\/span><span class=\"trx_addons_dark\">C\u00edlem t\u00e9to aktivity je poskytnout do\u010dasnou person\u00e1ln\u00ed podporu \u2013 \u0161koln\u00edho asistenta z\u00e1kladn\u00edm \u0161kol\u00e1m. Aktivita umo\u017e\u0148uje vyzkou\u0161et a na ur\u010dit\u00e9 obdob\u00ed poskytnout v\u011bt\u0161\u00ed podporu zejm\u00e9na \u017e\u00e1k\u016fm ohro\u017een\u00fdm \u0161koln\u00edm ne\u00fasp\u011bchem.<\/span><\/p>\n<p><span class=\"trx_addons_dark\"><strong>2.II\/18 Dou\u010dov\u00e1n\u00ed \u017e\u00e1k\u016f Z\u0160 ohro\u017een\u00fdch \u0161koln\u00edm ne\u00fasp\u011bchem<br \/>\n<\/strong><\/span><span class=\"trx_addons_dark\">C\u00edlem aktivity je podpo\u0159it \u017e\u00e1ky ohro\u017een\u00e9 \u0161koln\u00edm ne\u00fasp\u011bchem prost\u0159ednictv\u00edm mo\u017enosti dou\u010dov\u00e1n\u00ed.<\/span><\/p>\n<p><span class=\"trx_addons_dark\"><strong>2.II\/19 Projektov\u00fd den ve \u0161kole<br \/>\n<\/strong><\/span><span class=\"trx_addons_dark\">C\u00edlem aktivity je rozvoj kompetenc\u00ed pedagogick\u00fdch pracovn\u00edk\u016f v oblasti p\u0159\u00edpravy a veden\u00ed projektov\u00e9 v\u00fduky, kter\u00e1 vede k rozvoji osobn\u00edch a soci\u00e1ln\u00edch kompetenc\u00ed d\u011bt\u00ed a \u017e\u00e1k\u016f.<\/span><\/p>\n<p><span class=\"trx_addons_dark\"><strong>2.V\/11 Klub pro \u00fa\u010dastn\u00edky \u0160D<br \/>\n<\/strong><\/span><span class=\"trx_addons_dark\">C\u00edlem aktivity je realizace klubu pro \u00fa\u010dastn\u00edky \u0161koln\u00ed dru\u017einy. Aktivita m\u00e1 formu volno\u010dasov\u00e9 aktivity a vede k rozvoji kl\u00ed\u010dov\u00fdch kompetenc\u00ed \u00fa\u010dastn\u00edk\u016f. Na na\u0161\u00ed \u0161kole bude realizov\u00e1n klub komunikace v ciz\u00edm jazyce a badatelsk\u00fd klub.<\/span><\/p>\n<h4><span class=\"Apple-style-span trx_addons_dark\">Rozkvetl\u00e1 \u0161kola<\/span><\/h4>\n<p><span class=\"Apple-style-span trx_addons_dark\">Na\u0161e \u0161kola se zapojila do akce &#8222;ROZKVETL\u00c1 \u0160KOLA 2017\/2018&#8220; po\u0159\u00e1dan\u00e9 a financovan\u00e9 spole\u010dnost\u00ed Nehlsen T\u0159inec. s.r.o., a m\u00e1 \u0161anci svou novou vylep\u0161enou tv\u00e1\u0159\u00ed usp\u011bt v sout\u011b\u017ei v\u0161ech zapojen\u00fdch \u0161kol o nejhez\u010d\u00ed kv\u011btinovou v\u00fdzdobu \u010di zahradnickou expozici.<\/span><\/p>\n<h4><span class=\"Apple-style-span trx_addons_dark\">Spole\u010dn\u00e9 vzd\u011bl\u00e1v\u00e1n\u00ed<\/span><\/h4>\n<p><span class=\"Apple-style-span trx_addons_dark\">Opera\u010dn\u00ed program V\u011bda, v\u00fdzkum, vzd\u011bl\u00e1v\u00e1n\u00ed<\/span><\/p>\n<p><span class=\"trx_addons_dark\">V\u00fdzva podpo\u0159\u00ed osobnostn\u011b profesn\u00ed rozvoj pedagog\u016f prost\u0159ednictv\u00edm dal\u0161\u00edho vzd\u011bl\u00e1v\u00e1n\u00ed pedagogick\u00fdch pracovn\u00edk\u016f a pom\u016f\u017ee \u0161kole p\u0159i spole\u010dn\u00e9m vzd\u011bl\u00e1v\u00e1n\u00ed d\u011bt\u00ed, \u017e\u00e1k\u016f, a to mo\u017enost\u00ed person\u00e1ln\u00edho pos\u00edlen\u00ed o \u0161koln\u00edho asistenta. D\u016fle\u017eitou oblast\u00ed podpory je tak\u00e9 usnadn\u011bn\u00ed p\u0159echodu d\u011bt\u00ed z mate\u0159sk\u00e9 \u0161koly do z\u00e1kladn\u00ed \u0161koly a spolupr\u00e1ce s rodi\u010di d\u011bt\u00ed. Z\u00e1rove\u0148 podporuje kvalitn\u011bj\u0161\u00ed vzd\u011bl\u00e1v\u00e1n\u00ed d\u011bt\u00ed a \u017e\u00e1k\u016f ohro\u017een\u00fdch \u0161koln\u00edm ne\u00fasp\u011bchem.<\/span><\/p>\n<p><a class=\"btn btn-default\" href=\"https:\/\/drive.google.com\/file\/d\/0B8TjCseM1XJ1LWdkWEROd1dMN0k\/view?usp=sharing\" target=\"_blank\" rel=\"noopener\">Viz. plak\u00e1t zde<\/a><\/p>\n<h4><span class=\"Apple-style-span trx_addons_dark\">\u0160kola digit\u00e1ln\u00edho v\u011bku<\/span><\/h4>\n<p><span class=\"trx_addons_dark\"><span class=\"Apple-style-span\">Opera\u010dn\u00ed program Vzd\u011bl\u00e1v\u00e1n\u00ed pro konkurenceschopnost &#8211; Po\u010d\u00e1te\u010dn\u00ed vzd\u011bl\u00e1v\u00e1n\u00ed<br \/>\n<\/span><span class=\"Apple-style-span\">V\u00fdzva \u010d. 51 v oblasti podpory 1.3 Dal\u0161\u00ed vzd\u011bl\u00e1v\u00e1n\u00ed pedagogick\u00fdch pracovn\u00edk\u016f \u0161kol a \u0161kolsk\u00fdch za\u0159\u00edzen\u00ed je zam\u011b\u0159ena na zv\u00fd\u0161en\u00ed kompetenc\u00ed pedagogick\u00fdch pracovn\u00edk\u016f z\u00e1kladn\u00ed \u0161koly p\u0159i integraci informa\u010dn\u00edch a komunika\u010dn\u00edch technologi\u00ed (ICT) do v\u00fduky.<\/span><\/span><\/p>\n<h4 align=\"JUSTIFY\"><span class=\"Apple-style-span trx_addons_dark\">Modern\u011b k osvojov\u00e1n\u00ed v\u011bdomost\u00ed<\/span><\/h4>\n<p><span class=\"trx_addons_dark\"><img decoding=\"async\" class=\"alignleft\" src=\"\/images\/osvojovani_vedomosti.jpg\" width=\"300\" \/><\/span><\/p>\n<p align=\"JUSTIFY\"><span class=\"trx_addons_dark\">Opera\u010dn\u00ed program Vzd\u011bl\u00e1v\u00e1n\u00ed pro konkurenceschopnost \u2013 Po\u010d\u00e1te\u010dn\u00ed vzd\u011bl\u00e1v\u00e1n\u00ed<\/span><br \/>\n<span class=\"trx_addons_dark\">C\u00edlem projektu je prost\u0159ednictv\u00edm nov\u00fdch metod a n\u00e1stroj\u016f doc\u00edlit zlep\u0161en\u00ed stavu po\u010d\u00e1te\u010dn\u00edho vzd\u011bl\u00e1v\u00e1n\u00ed na z\u00e1kladn\u00ed \u0161kole v \u010cesk\u00e9 republice. Zkvalitn\u011bn\u00ed a zefektivn\u011bn\u00ed v\u00fduky bude dosa\u017eeno metodick\u00fdm vzd\u011bl\u00e1v\u00e1n\u00edm a podp\u016frn\u00fdmi kurzy pedagogick\u00fdch pracovn\u00edk\u016f, tvorbou a n\u00e1sledn\u00fdm pou\u017e\u00edv\u00e1n\u00edm nov\u00fdch metodick\u00fdch pom\u016fcek a u\u010debn\u00edch materi\u00e1l\u016f ve v\u00fduce.<\/span><\/p>\n<h4 align=\"JUSTIFY\"><span class=\"Apple-style-span trx_addons_dark\">Ml\u00e9ko do \u0161kol<\/span><\/h4>\n<p align=\"JUSTIFY\"><span class=\"trx_addons_dark\">Ml\u00e9ko je jednou z nejhodnotn\u011bj\u0161\u00edch potravin v lidsk\u00e9 v\u00fd\u017eiv\u011b a krom\u011b d\u016fle\u017eit\u00fdch \u017eivin, kter\u00e9 obsahuje je p\u0159irozen\u00fdm zdrojem V\u00c1PN\u00cdKU pro lidsk\u00fd organismus. C\u00edlem projektu Ml\u00e9ko do \u0161kol je podpora zdrav\u00e9 v\u00fd\u017eivy a zv\u00fd\u0161en\u00ed spot\u0159eby ml\u00e9ka a ml\u00e9\u010dn\u00fdch v\u00fdrobk\u016f. Tento projekt je ur\u010den \u017e\u00e1k\u016fm z\u00e1kladn\u00edch \u0161kol, v\u010detn\u011b p\u0159\u00edpravn\u00fdch t\u0159\u00edd z\u00e1kladn\u00edch \u0161kol<\/span><span style=\"color: #000000;\">\u00a0nebo p\u0159\u00edpravn\u00e9ho stupn\u011b z\u00e1kladn\u00edch \u0161kol speci\u00e1ln\u00edch.<\/span><img loading=\"lazy\" decoding=\"async\" class=\"alignright wp-image-2731 size-thumbnail\" style=\"color: #000000;\" src=\"https:\/\/www.zsmilikov.cz\/wp-content\/uploads\/2022\/10\/ozmds_logo_5k_rgb-150x150.jpg\" alt=\"\" width=\"150\" height=\"150\" srcset=\"https:\/\/www.zsmilikov.cz\/wp-content\/uploads\/2022\/10\/ozmds_logo_5k_rgb-150x150.jpg 150w, https:\/\/www.zsmilikov.cz\/wp-content\/uploads\/2022\/10\/ozmds_logo_5k_rgb-300x300.jpg 300w, https:\/\/www.zsmilikov.cz\/wp-content\/uploads\/2022\/10\/ozmds_logo_5k_rgb-768x768.jpg 768w, https:\/\/www.zsmilikov.cz\/wp-content\/uploads\/2022\/10\/ozmds_logo_5k_rgb-1024x1024.jpg 1024w, https:\/\/www.zsmilikov.cz\/wp-content\/uploads\/2022\/10\/ozmds_logo_5k_rgb-370x370.jpg 370w, https:\/\/www.zsmilikov.cz\/wp-content\/uploads\/2022\/10\/ozmds_logo_5k_rgb-90x90.jpg 90w, https:\/\/www.zsmilikov.cz\/wp-content\/uploads\/2022\/10\/ozmds_logo_5k_rgb-770x770.jpg 770w\" sizes=\"auto, (max-width: 150px) 100vw, 150px\" \/><span style=\"color: #000000;\">\u00a0<\/span><\/p>\n<h4 align=\"JUSTIFY\"><span class=\"trx_addons_dark\">Ovoce a zelenina do \u0161kol<\/span><\/h4>\n<p align=\"JUSTIFY\"><span class=\"trx_addons_dark\">C\u00edlem tohoto projektu je p\u0159isp\u011bt k trval\u00e9mu zv\u00fd\u0161en\u00ed spot\u0159eby ovoce a zeleniny, vytvo\u0159it spr\u00e1vn\u00e9 stravovac\u00ed n\u00e1vyky ve v\u00fd\u017eiv\u011b d\u011bt\u00ed a t\u00edm z\u00e1rove\u0148 bojovat proti d\u011btsk\u00e9 obezit\u011b. C\u00edlovou skupinou projektu jsou \u017e\u00e1ci prvn\u00edho stupn\u011b z\u00e1kladn\u00edch \u0161kol, v\u010detn\u011b \u017e\u00e1k\u016f z p\u0159\u00edpravn\u00fdch t\u0159\u00edd, kter\u00fdm je zdarma dod\u00e1v\u00e1no \u010derstv\u00e9 ovoce a zelenina nebo ovocn\u00e9 a zeleninov\u00e9 \u0161\u0165\u00e1vy \u010di protlaky.\u00a0<\/span><\/p>\n<h4 align=\"JUSTIFY\"><span class=\"Apple-style-span trx_addons_dark\">Zdrav\u00e9 zuby<\/span><\/h4>\n<p><span class=\"trx_addons_dark\"><img decoding=\"async\" class=\"alignright\" src=\"\/images\/zdrave_zuby.jpg\" width=\"300\" \/><\/span><\/p>\n<p align=\"JUSTIFY\"><span class=\"trx_addons_dark\">Program ZDRAV\u00c9 ZUBY je komplexn\u00ed celoplo\u0161n\u00fd v\u00fdukov\u00fd program p\u00e9\u010de o chrup ur\u010den\u00fd pro prevenci zubn\u00edho kazu u d\u011bt\u00ed na prvn\u00edm stupni z\u00e1kladn\u00edch \u0161kol.<\/span><br \/>\n<span class=\"trx_addons_dark\">C\u00edlem programu ZDRAV\u00c9 ZUBY je zlep\u0161it zubn\u00ed zdrav\u00ed u d\u011bt\u00ed a ml\u00e1de\u017ee, a tak vytvo\u0159it p\u0159edpoklady k zaji\u0161t\u011bn\u00ed zdrav\u00fdch zub\u016f i u dosp\u011bl\u00e9 populace v budouc\u00edch letech. Program buduje u d\u011bt\u00ed pozitivn\u00ed vztah k zubn\u00edmu zdrav\u00ed a vede je k pravideln\u00fdm preventivn\u00edm n\u00e1v\u0161t\u011bv\u00e1m stomatologa.<\/span><\/p>\n<h4 align=\"JUSTIFY\"><span class=\"Apple-style-span trx_addons_dark\">Bezpe\u010dn\u011b do \u0161koly<\/span><\/h4>\n<p align=\"JUSTIFY\"><span class=\"trx_addons_dark\"><img decoding=\"async\" class=\"alignleft\" src=\"\/images\/besip.jpg\" width=\"80\" \/>Hlavn\u00edm c\u00edlem projektu je zv\u00fd\u0161en\u00ed bezpe\u010dnosti a t\u00edm sn\u00ed\u017een\u00ed \u00farazovosti chodc\u016f a cyklist\u016f v silni\u010dn\u00ed doprav\u011b. Zam\u011b\u0159uje se na problematiku bezpe\u010dn\u00e9 ch\u016fze a orientace v provozu na pozemn\u00edch komunikac\u00edch Star\u0161\u00ed d\u011bti maj\u00ed mo\u017enost nau\u010dit se bezpe\u010dn\u011b jezdit na kole a z\u00edskat d\u016fle\u017eit\u00e9 \u0159idi\u010dsk\u00e9 n\u00e1vyky.<\/span><\/p>\n<h4 align=\"JUSTIFY\"><\/h4>\n<p>[\/vc_column_text][\/vc_column][\/vc_row]<\/p>\n","protected":false},"excerpt":{"rendered":"<p>[vc_row][vc_column][vc_text_separator title=&#8220;Projekty&#8220;][vc_empty_space alter_height=&#8220;large&#8220; hide_on_mobile=&#8220;&#8220;][\/vc_column][\/vc_row][vc_row][vc_column][vc_column_text] OP JAK &#8211; SPOLE\u010cN\u00c9 VZD\u011aL\u00c1V\u00c1N\u00cd II Na\u0161e \u0161kola je zapojena do projektu OP JAK v\u00fdzvy \u010d. 02_24_034 &#8211; \u0160ablony pro M\u0160 a Z\u0160 II. N\u00e1zev projektu:\u00a0 \u00a0 \u00a0 \u00a0 \u00a0 OP JAK &#8211; Spole\u010dn\u00e9 vzd\u011bl\u00e1v\u00e1n\u00ed II \u010c\u00edslo projektu: \u00a0\u00a0\u00a0\u00a0\u00a0\u00a0\u00a0\u00a0\u00a0\u00a0 CZ.02.02.XX\/00\/24_034\/0013110 Term\u00edn&hellip;<\/p>\n","protected":false},"author":1,"featured_media":0,"parent":1009,"menu_order":0,"comment_status":"closed","ping_status":"closed","template":"","meta":{"footnotes":""},"class_list":["post-1049","page","type-page","status-publish","hentry"],"_links":{"self":[{"href":"https:\/\/www.zsmilikov.cz\/index.php?rest_route=\/wp\/v2\/pages\/1049","targetHints":{"allow":["GET"]}}],"collection":[{"href":"https:\/\/www.zsmilikov.cz\/index.php?rest_route=\/wp\/v2\/pages"}],"about":[{"href":"https:\/\/www.zsmilikov.cz\/index.php?rest_route=\/wp\/v2\/types\/page"}],"author":[{"embeddable":true,"href":"https:\/\/www.zsmilikov.cz\/index.php?rest_route=\/wp\/v2\/users\/1"}],"replies":[{"embeddable":true,"href":"https:\/\/www.zsmilikov.cz\/index.php?rest_route=%2Fwp%2Fv2%2Fcomments&post=1049"}],"version-history":[{"count":25,"href":"https:\/\/www.zsmilikov.cz\/index.php?rest_route=\/wp\/v2\/pages\/1049\/revisions"}],"predecessor-version":[{"id":3981,"href":"https:\/\/www.zsmilikov.cz\/index.php?rest_route=\/wp\/v2\/pages\/1049\/revisions\/3981"}],"up":[{"embeddable":true,"href":"https:\/\/www.zsmilikov.cz\/index.php?rest_route=\/wp\/v2\/pages\/1009"}],"wp:attachment":[{"href":"https:\/\/www.zsmilikov.cz\/index.php?rest_route=%2Fwp%2Fv2%2Fmedia&parent=1049"}],"curies":[{"name":"wp","href":"https:\/\/api.w.org\/{rel}","templated":true}]}}